{"id":78136,"date":"2022-07-26T16:39:55","date_gmt":"2022-07-26T14:39:55","guid":{"rendered":"https:\/\/lattonedil.com\/project\/fiera-di-ferrara\/"},"modified":"2024-11-15T13:54:21","modified_gmt":"2024-11-15T12:54:21","slug":"fiera-di-ferrara","status":"publish","type":"dt_portfolio","link":"https:\/\/lattonedil.com\/de\/project\/fiera-di-ferrara\/","title":{"rendered":"Fiera di Ferrara"},"content":{"rendered":"\t\t<div data-elementor-type=\"wp-post\" data-elementor-id=\"78136\" class=\"elementor elementor-78136 elementor-55302\" data-elementor-post-type=\"dt_portfolio\">\n\t\t\t\t\t\t<section class=\"elementor-section elementor-top-section elementor-element elementor-element-ec5b48c elementor-section-full_width elementor-section-height-default elementor-section-height-default\" data-id=\"ec5b48c\" data-element_type=\"section\" data-e-type=\"section\" data-settings=\"{&quot;background_background&quot;:&quot;classic&quot;}\">\n\t\t\t\t\t\t<div class=\"elementor-container elementor-column-gap-default\">\n\t\t\t\t\t<div class=\"elementor-column elementor-col-100 elementor-top-column elementor-element elementor-element-3514993\" data-id=\"3514993\" data-element_type=\"column\" data-e-type=\"column\">\n\t\t\t<div class=\"elementor-widget-wrap elementor-element-populated\">\n\t\t\t\t\t\t<div class=\"elementor-element elementor-element-0314c1b elementor-widget elementor-widget-spacer\" data-id=\"0314c1b\" data-element_type=\"widget\" data-e-type=\"widget\" data-widget_type=\"spacer.default\">\n\t\t\t\t<div class=\"elementor-widget-container\">\n\t\t\t\t\t\t\t<div class=\"elementor-spacer\">\n\t\t\t<div class=\"elementor-spacer-inner\"><\/div>\n\t\t<\/div>\n\t\t\t\t\t\t<\/div>\n\t\t\t\t<\/div>\n\t\t\t\t\t<\/div>\n\t\t<\/div>\n\t\t\t\t\t<\/div>\n\t\t<\/section>\n\t\t\t\t<section class=\"elementor-section elementor-top-section elementor-element elementor-element-d0292c9 elementor-section-full_width elementor-section-height-default elementor-section-height-default\" data-id=\"d0292c9\" data-element_type=\"section\" data-e-type=\"section\" data-settings=\"{&quot;background_background&quot;:&quot;classic&quot;}\">\n\t\t\t\t\t\t<div class=\"elementor-container elementor-column-gap-default\">\n\t\t\t\t\t<div class=\"elementor-column elementor-col-50 elementor-top-column elementor-element elementor-element-6316de5\" data-id=\"6316de5\" data-element_type=\"column\" data-e-type=\"column\">\n\t\t\t<div class=\"elementor-widget-wrap elementor-element-populated\">\n\t\t\t\t\t\t<div class=\"elementor-element elementor-element-22c1572 animated-slow elementor-invisible elementor-widget elementor-widget-text-editor\" data-id=\"22c1572\" data-element_type=\"widget\" data-e-type=\"widget\" data-settings=\"{&quot;_animation&quot;:&quot;fadeInUp&quot;}\" data-widget_type=\"text-editor.default\">\n\t\t\t\t<div class=\"elementor-widget-container\">\n\t\t\t\t\t\t\t\t\t<p>QUARTIERE<\/p><p>FIERISTICO<\/p>\t\t\t\t\t\t\t\t<\/div>\n\t\t\t\t<\/div>\n\t\t\t\t<div class=\"elementor-element elementor-element-c873b71 elementor-widget elementor-widget-heading\" data-id=\"c873b71\" data-element_type=\"widget\" data-e-type=\"widget\" data-widget_type=\"heading.default\">\n\t\t\t\t<div class=\"elementor-widget-container\">\n\t\t\t\t\t<h2 class=\"elementor-heading-title elementor-size-default\">FERRARA<\/h2>\t\t\t\t<\/div>\n\t\t\t\t<\/div>\n\t\t\t\t<div class=\"elementor-element elementor-element-382857a e-transform elementor-widget__width-auto elementor-view-default elementor-widget elementor-widget-icon\" data-id=\"382857a\" data-element_type=\"widget\" data-e-type=\"widget\" data-settings=\"{&quot;_transform_rotateZ_effect&quot;:{&quot;unit&quot;:&quot;px&quot;,&quot;size&quot;:-45,&quot;sizes&quot;:[]},&quot;_transform_rotateZ_effect_tablet&quot;:{&quot;unit&quot;:&quot;deg&quot;,&quot;size&quot;:&quot;&quot;,&quot;sizes&quot;:[]},&quot;_transform_rotateZ_effect_mobile&quot;:{&quot;unit&quot;:&quot;deg&quot;,&quot;size&quot;:&quot;&quot;,&quot;sizes&quot;:[]}}\" data-widget_type=\"icon.default\">\n\t\t\t\t<div class=\"elementor-widget-container\">\n\t\t\t\t\t\t\t<div class=\"elementor-icon-wrapper\">\n\t\t\t<div class=\"elementor-icon\">\n\t\t\t<i aria-hidden=\"true\" class=\" icomoon-the7-font-the7-arrow-31\"><\/i>\t\t\t<\/div>\n\t\t<\/div>\n\t\t\t\t\t\t<\/div>\n\t\t\t\t<\/div>\n\t\t\t\t<section class=\"elementor-section elementor-inner-section elementor-element elementor-element-48996b7 elementor-section-boxed elementor-section-height-default elementor-section-height-default\" data-id=\"48996b7\" data-element_type=\"section\" data-e-type=\"section\">\n\t\t\t\t\t\t<div class=\"elementor-container elementor-column-gap-default\">\n\t\t\t\t\t<div class=\"elementor-column elementor-col-33 elementor-inner-column elementor-element elementor-element-c759bf6\" data-id=\"c759bf6\" data-element_type=\"column\" data-e-type=\"column\">\n\t\t\t<div class=\"elementor-widget-wrap elementor-element-populated\">\n\t\t\t\t\t\t<div class=\"elementor-element elementor-element-6d469fc elementor-widget elementor-widget-text-editor\" data-id=\"6d469fc\" data-element_type=\"widget\" data-e-type=\"widget\" data-widget_type=\"text-editor.default\">\n\t\t\t\t<div class=\"elementor-widget-container\">\n\t\t\t\t\t\t\t\t\t<p class=\"font_8\"><span style=\"text-decoration: underline;\">Size<\/span><strong><br \/><\/strong>26000 mq<\/p>\t\t\t\t\t\t\t\t<\/div>\n\t\t\t\t<\/div>\n\t\t\t\t\t<\/div>\n\t\t<\/div>\n\t\t\t\t<div class=\"elementor-column elementor-col-33 elementor-inner-column elementor-element elementor-element-b2177e3\" data-id=\"b2177e3\" data-element_type=\"column\" data-e-type=\"column\">\n\t\t\t<div class=\"elementor-widget-wrap elementor-element-populated\">\n\t\t\t\t\t\t<div class=\"elementor-element elementor-element-ed527a6 elementor-widget elementor-widget-text-editor\" data-id=\"ed527a6\" data-element_type=\"widget\" data-e-type=\"widget\" data-widget_type=\"text-editor.default\">\n\t\t\t\t<div class=\"elementor-widget-container\">\n\t\t\t\t\t\t\t\t\t<p class=\"font_8\"><span style=\"text-decoration: underline;\">Location<\/span><strong><br \/><\/strong>FERRARA Italy<\/p>\t\t\t\t\t\t\t\t<\/div>\n\t\t\t\t<\/div>\n\t\t\t\t\t<\/div>\n\t\t<\/div>\n\t\t\t\t<div class=\"elementor-column elementor-col-33 elementor-inner-column elementor-element elementor-element-6881686\" data-id=\"6881686\" data-element_type=\"column\" data-e-type=\"column\">\n\t\t\t<div class=\"elementor-widget-wrap elementor-element-populated\">\n\t\t\t\t\t\t<div class=\"elementor-element elementor-element-a442f44 elementor-widget elementor-widget-text-editor\" data-id=\"a442f44\" data-element_type=\"widget\" data-e-type=\"widget\" data-widget_type=\"text-editor.default\">\n\t\t\t\t<div class=\"elementor-widget-container\">\n\t\t\t\t\t\t\t\t\t<p class=\"font_8\"><span style=\"text-decoration: underline;\">Year<\/span><strong><br \/><\/strong>2019<\/p>\t\t\t\t\t\t\t\t<\/div>\n\t\t\t\t<\/div>\n\t\t\t\t\t<\/div>\n\t\t<\/div>\n\t\t\t\t\t<\/div>\n\t\t<\/section>\n\t\t\t\t<div class=\"elementor-element elementor-element-bea7dae elementor-widget elementor-widget-text-editor\" data-id=\"bea7dae\" data-element_type=\"widget\" data-e-type=\"widget\" data-widget_type=\"text-editor.default\">\n\t\t\t\t<div class=\"elementor-widget-container\">\n\t\t\t\t\t\t\t\t\t<p class=\"font_8\"><span style=\"text-decoration: underline;\">Client<\/span><strong><br \/><\/strong>ENTE FIERA DI BOLOGNA<\/p>\t\t\t\t\t\t\t\t<\/div>\n\t\t\t\t<\/div>\n\t\t\t\t\t<\/div>\n\t\t<\/div>\n\t\t\t\t<div class=\"elementor-column elementor-col-50 elementor-top-column elementor-element elementor-element-0e75622\" data-id=\"0e75622\" data-element_type=\"column\" data-e-type=\"column\">\n\t\t\t<div class=\"elementor-widget-wrap elementor-element-populated\">\n\t\t\t\t\t\t<div class=\"elementor-element elementor-element-88c5c47 elementor-widget elementor-widget-text-editor\" data-id=\"88c5c47\" data-element_type=\"widget\" data-e-type=\"widget\" data-widget_type=\"text-editor.default\">\n\t\t\t\t<div class=\"elementor-widget-container\">\n\t\t\t\t\t\t\t\t\t<p class=\"font_8\" style=\"font-size: 130%;\"><span style=\"text-decoration: underline;\">About<\/span><\/p><div id=\"comp-l5kkz2ad3\" class=\"_1Q9if _3bcaz\" data-testid=\"richTextElement\"><p>Die Ferrara-Messe ist das wichtigste Ausstellungszentrum der Stadt Ferrara. Es befindet sich in der Via della Fiera 11 und liegt am s\u00fcdlichen Stadtrand.<\/p><p>Das Unternehmen Ferrara Fiere Congressi Srl ist seit 2002 Teil der autonomen Einrichtung der Bologna-Messe und bildet zusammen mit der Modena-Messe ein in Europa einzigartiges Messezentrum mit einer Fl\u00e4che von \u00fcber 200.000 m\u00b2<\/p><p>\u200b<\/p><p>Das Geb\u00e4ude wurde vom Architekten Vittorio Gregotti entworfen. Das Ausstellungszentrum erstreckt sich \u00fcber eine Fl\u00e4che von 26.000 m\u00b2, davon sind 16.000 m\u00b2 \u00fcberdacht und 10.000 m\u00b2 sind zwei Au\u00dfenpl\u00e4tze f\u00fcr Freiluftausstellungen. Hinzu kommen noch die 5.000\u00a0m\u00b2, die als Parkplatz genutzt werden, also insgesamt 2.000 Stellpl\u00e4tze.<\/p><p>Der Ausstellungskomplex wurde nach einem T-f\u00f6rmigen Grundriss entworfen und gebaut und besteht aus 6 Ausstellungspavillons und 4 Servicebereichen. Im Erdgeschoss befindet sich die gesamte Ausstellungsfl\u00e4che auf einer Ebene, in den Obergeschossen befinden sich Konferenzr\u00e4ume und Verwaltungsb\u00fcros.<\/p><\/div>\t\t\t\t\t\t\t\t<\/div>\n\t\t\t\t<\/div>\n\t\t\t\t\t<\/div>\n\t\t<\/div>\n\t\t\t\t\t<\/div>\n\t\t<\/section>\n\t\t\t\t<section class=\"elementor-section elementor-top-section elementor-element elementor-element-42d8c9b elementor-section-full_width elementor-section-height-default elementor-section-height-default\" data-id=\"42d8c9b\" data-element_type=\"section\" data-e-type=\"section\" data-settings=\"{&quot;background_background&quot;:&quot;classic&quot;}\">\n\t\t\t\t\t\t<div class=\"elementor-container elementor-column-gap-default\">\n\t\t\t\t\t<div class=\"elementor-column elementor-col-50 elementor-top-column elementor-element elementor-element-d439216\" data-id=\"d439216\" data-element_type=\"column\" data-e-type=\"column\">\n\t\t\t<div class=\"elementor-widget-wrap elementor-element-populated\">\n\t\t\t\t\t\t<div class=\"elementor-element elementor-element-cc33ccb elementor-widget elementor-widget-image\" data-id=\"cc33ccb\" data-element_type=\"widget\" data-e-type=\"widget\" data-widget_type=\"image.default\">\n\t\t\t\t<div class=\"elementor-widget-container\">\n\t\t\t\t\t\t\t\t\t\t\t\t\t\t\t<img fetchpriority=\"high\" decoding=\"async\" width=\"952\" height=\"924\" src=\"https:\/\/lattonedil.com\/wp-content\/uploads\/2022\/07\/ferrara.webp\" class=\"attachment-large size-large wp-image-63990\" alt=\"\" srcset=\"https:\/\/lattonedil.com\/wp-content\/uploads\/2022\/07\/ferrara.webp 952w, https:\/\/lattonedil.com\/wp-content\/uploads\/2022\/07\/ferrara-300x291.webp 300w, https:\/\/lattonedil.com\/wp-content\/uploads\/2022\/07\/ferrara-768x745.webp 768w\" sizes=\"(max-width: 952px) 100vw, 952px\" \/>\t\t\t\t\t\t\t\t\t\t\t\t\t\t\t<\/div>\n\t\t\t\t<\/div>\n\t\t\t\t\t<\/div>\n\t\t<\/div>\n\t\t\t\t<div class=\"elementor-column elementor-col-50 elementor-top-column elementor-element elementor-element-b2701d5\" data-id=\"b2701d5\" data-element_type=\"column\" data-e-type=\"column\">\n\t\t\t<div class=\"elementor-widget-wrap elementor-element-populated\">\n\t\t\t\t\t\t<div class=\"elementor-element elementor-element-95ad45d animated-slow elementor-invisible elementor-widget elementor-widget-text-editor\" data-id=\"95ad45d\" data-element_type=\"widget\" data-e-type=\"widget\" data-settings=\"{&quot;_animation&quot;:&quot;fadeInUp&quot;}\" data-widget_type=\"text-editor.default\">\n\t\t\t\t<div class=\"elementor-widget-container\">\n\t\t\t\t\t\t\t\t\t<p>DAS RENOVIERUNGSPROJEKT<\/p>\t\t\t\t\t\t\t\t<\/div>\n\t\t\t\t<\/div>\n\t\t\t\t<div class=\"elementor-element elementor-element-07c4664 elementor-widget elementor-widget-text-editor\" data-id=\"07c4664\" data-element_type=\"widget\" data-e-type=\"widget\" data-widget_type=\"text-editor.default\">\n\t\t\t\t<div class=\"elementor-widget-container\">\n\t\t\t\t\t\t\t\t\t<p class=\"font_8\">Die Fassade eines \u00f6ffentlichen Geb\u00e4udes stellt das erste Element der Kommunikation zwischen was dar<br \/>Dies enth\u00e4lt und seine Besucher. Der Ausstellungskomplex ist von Natur aus ein gro\u00dfer Container, der sich von Zeit zu Zeit ver\u00e4ndert, um verschiedenen Veranstaltungen gerecht zu werden.<br \/>Ziel der vorgeschlagenen neuen Geb\u00e4udeh\u00fclle ist es, den architektonischen Wert des gesamten Geb\u00e4udes zu verbessern und eine Fassade zu schaffen, die durch skulpturale Elemente, die aus der vertikalen Ebene hervortreten, in der Lage ist, sich durchzusetzen und die Pr\u00e4senz der Ferrara-Messe zu vermitteln die es sich entlang des Umfangs des Geb\u00e4udes selbst erstreckt.<br \/>Die volumetrischen Elemente werden durch in den Falten der Fassade versteckte Lichter verst\u00e4rkt.<br \/>Die vorgeschlagenen Verbesserungen des Projekts betreffen auch den Brandschutz<br \/>der Metallkonstruktionen, die Verbesserung der Feuerreaktionseigenschaften der Materialien, die Verbesserung des technologischen Pakets des Daches, die Verbesserung der Innenausstattung und die Verbesserung der Anlagenausr\u00fcstung.<\/p>\t\t\t\t\t\t\t\t<\/div>\n\t\t\t\t<\/div>\n\t\t\t\t\t<\/div>\n\t\t<\/div>\n\t\t\t\t\t<\/div>\n\t\t<\/section>\n\t\t\t\t<section class=\"elementor-section elementor-top-section elementor-element elementor-element-158a2df elementor-section-full_width elementor-section-height-default elementor-section-height-default\" data-id=\"158a2df\" data-element_type=\"section\" data-e-type=\"section\" data-settings=\"{&quot;background_background&quot;:&quot;classic&quot;}\">\n\t\t\t\t\t\t\t<div class=\"elementor-background-overlay\"><\/div>\n\t\t\t\t\t\t\t<div class=\"elementor-container elementor-column-gap-default\">\n\t\t\t\t\t<div class=\"elementor-column elementor-col-100 elementor-top-column elementor-element elementor-element-49e1416\" data-id=\"49e1416\" data-element_type=\"column\" data-e-type=\"column\">\n\t\t\t<div class=\"elementor-widget-wrap elementor-element-populated\">\n\t\t\t\t\t\t<div class=\"elementor-element elementor-element-7ed8aa4 elementor-widget elementor-widget-spacer\" data-id=\"7ed8aa4\" data-element_type=\"widget\" data-e-type=\"widget\" data-widget_type=\"spacer.default\">\n\t\t\t\t<div class=\"elementor-widget-container\">\n\t\t\t\t\t\t\t<div class=\"elementor-spacer\">\n\t\t\t<div class=\"elementor-spacer-inner\"><\/div>\n\t\t<\/div>\n\t\t\t\t\t\t<\/div>\n\t\t\t\t<\/div>\n\t\t\t\t<div class=\"elementor-element elementor-element-30f2bc0 animated-slow elementor-widget__width-initial elementor-invisible elementor-widget elementor-widget-text-editor\" data-id=\"30f2bc0\" data-element_type=\"widget\" data-e-type=\"widget\" data-settings=\"{&quot;_animation&quot;:&quot;fadeInUp&quot;}\" data-widget_type=\"text-editor.default\">\n\t\t\t\t<div class=\"elementor-widget-container\">\n\t\t\t\t\t\t\t\t\t<p>Die skulpturale Pr\u00e4senz<\/p>\t\t\t\t\t\t\t\t<\/div>\n\t\t\t\t<\/div>\n\t\t\t\t<div class=\"elementor-element elementor-element-7190167 elementor-widget elementor-widget-text-editor\" data-id=\"7190167\" data-element_type=\"widget\" data-e-type=\"widget\" data-widget_type=\"text-editor.default\">\n\t\t\t\t<div class=\"elementor-widget-container\">\n\t\t\t\t\t\t\t\t\t<p class=\"font_8\">So verwenden Sie Lattonedil-Platten<\/p>\t\t\t\t\t\t\t\t<\/div>\n\t\t\t\t<\/div>\n\t\t\t\t\t<\/div>\n\t\t<\/div>\n\t\t\t\t\t<\/div>\n\t\t<\/section>\n\t\t\t\t<section class=\"elementor-section elementor-top-section elementor-element elementor-element-26fec2c elementor-section-full_width elementor-section-height-default elementor-section-height-default\" data-id=\"26fec2c\" data-element_type=\"section\" data-e-type=\"section\">\n\t\t\t\t\t\t<div class=\"elementor-container elementor-column-gap-default\">\n\t\t\t\t\t<div class=\"elementor-column elementor-col-50 elementor-top-column elementor-element elementor-element-0e5f883\" data-id=\"0e5f883\" data-element_type=\"column\" data-e-type=\"column\" data-settings=\"{&quot;background_background&quot;:&quot;classic&quot;}\">\n\t\t\t<div class=\"elementor-widget-wrap elementor-element-populated\">\n\t\t\t\t\t\t<div class=\"elementor-element elementor-element-e85c344 elementor-widget elementor-widget-spacer\" data-id=\"e85c344\" data-element_type=\"widget\" data-e-type=\"widget\" data-widget_type=\"spacer.default\">\n\t\t\t\t<div class=\"elementor-widget-container\">\n\t\t\t\t\t\t\t<div class=\"elementor-spacer\">\n\t\t\t<div class=\"elementor-spacer-inner\"><\/div>\n\t\t<\/div>\n\t\t\t\t\t\t<\/div>\n\t\t\t\t<\/div>\n\t\t\t\t\t<\/div>\n\t\t<\/div>\n\t\t\t\t<div class=\"elementor-column elementor-col-50 elementor-top-column elementor-element elementor-element-cbbd615\" data-id=\"cbbd615\" data-element_type=\"column\" data-e-type=\"column\" data-settings=\"{&quot;background_background&quot;:&quot;classic&quot;}\">\n\t\t\t<div class=\"elementor-widget-wrap elementor-element-populated\">\n\t\t\t\t\t\t<div class=\"elementor-element elementor-element-36c3611 elementor-widget elementor-widget-spacer\" data-id=\"36c3611\" data-element_type=\"widget\" data-e-type=\"widget\" data-widget_type=\"spacer.default\">\n\t\t\t\t<div class=\"elementor-widget-container\">\n\t\t\t\t\t\t\t<div class=\"elementor-spacer\">\n\t\t\t<div class=\"elementor-spacer-inner\"><\/div>\n\t\t<\/div>\n\t\t\t\t\t\t<\/div>\n\t\t\t\t<\/div>\n\t\t\t\t\t<\/div>\n\t\t<\/div>\n\t\t\t\t\t<\/div>\n\t\t<\/section>\n\t\t\t\t<section class=\"elementor-section elementor-top-section elementor-element elementor-element-07294dc elementor-section-full_width elementor-section-height-default elementor-section-height-default\" data-id=\"07294dc\" data-element_type=\"section\" data-e-type=\"section\">\n\t\t\t\t\t\t<div class=\"elementor-container elementor-column-gap-default\">\n\t\t\t\t\t<div class=\"elementor-column elementor-col-100 elementor-top-column elementor-element elementor-element-19f5ec6\" data-id=\"19f5ec6\" data-element_type=\"column\" data-e-type=\"column\" data-settings=\"{&quot;background_background&quot;:&quot;classic&quot;}\">\n\t\t\t<div class=\"elementor-widget-wrap elementor-element-populated\">\n\t\t\t\t\t\t<div class=\"elementor-element elementor-element-3ebea64 elementor-widget elementor-widget-spacer\" data-id=\"3ebea64\" data-element_type=\"widget\" data-e-type=\"widget\" data-widget_type=\"spacer.default\">\n\t\t\t\t<div class=\"elementor-widget-container\">\n\t\t\t\t\t\t\t<div class=\"elementor-spacer\">\n\t\t\t<div class=\"elementor-spacer-inner\"><\/div>\n\t\t<\/div>\n\t\t\t\t\t\t<\/div>\n\t\t\t\t<\/div>\n\t\t\t\t\t<\/div>\n\t\t<\/div>\n\t\t\t\t\t<\/div>\n\t\t<\/section>\n\t\t\t\t<\/div>\n\t\t","protected":false},"excerpt":{"rendered":"<p>QUARTIERE FIERISTICO FERRARA Size26000 mq LocationFERRARA Italy Year2019 ClientENTE FIERA DI BOLOGNA About Die Ferrara-Messe ist das wichtigste Ausstellungszentrum der Stadt Ferrara. Es befindet sich in der Via della Fiera 11 und liegt am s\u00fcdlichen Stadtrand. Das Unternehmen Ferrara Fiere Congressi Srl ist seit 2002 Teil der autonomen Einrichtung der Bologna-Messe und bildet zusammen mit&hellip;<\/p>\n","protected":false},"author":1,"featured_media":64416,"comment_status":"open","ping_status":"closed","template":"elementor_header_footer","dt_portfolio_category":[],"dt_portfolio_tags":[],"class_list":["post-78136","dt_portfolio","type-dt_portfolio","status-publish","has-post-thumbnail","hentry"],"acf":[],"yoast_head":"<!-- This site is optimized with the Yoast SEO plugin v27.1.1 - https:\/\/yoast.com\/product\/yoast-seo-wordpress\/ -->\n<title>Fiera di Ferrara - Lattonedil<\/title>\n<meta name=\"robots\" content=\"index, follow, max-snippet:-1, max-image-preview:large, max-video-preview:-1\" \/>\n<link rel=\"canonical\" href=\"https:\/\/lattonedil.com\/de\/project\/fiera-di-ferrara\/\" \/>\n<meta property=\"og:locale\" content=\"de_DE\" \/>\n<meta property=\"og:type\" content=\"article\" \/>\n<meta property=\"og:title\" content=\"Fiera di Ferrara - Lattonedil\" \/>\n<meta property=\"og:description\" content=\"QUARTIERE FIERISTICO FERRARA Size26000 mq LocationFERRARA Italy Year2019 ClientENTE FIERA DI BOLOGNA About Die Ferrara-Messe ist das wichtigste Ausstellungszentrum der Stadt Ferrara. Es befindet sich in der Via della Fiera 11 und liegt am s\u00fcdlichen Stadtrand. Das Unternehmen Ferrara Fiere Congressi Srl ist seit 2002 Teil der autonomen Einrichtung der Bologna-Messe und bildet zusammen mit&hellip;\" \/>\n<meta property=\"og:url\" content=\"https:\/\/lattonedil.com\/de\/project\/fiera-di-ferrara\/\" \/>\n<meta property=\"og:site_name\" content=\"Lattonedil\" \/>\n<meta property=\"article:modified_time\" content=\"2024-11-15T12:54:21+00:00\" \/>\n<meta property=\"og:image\" content=\"https:\/\/lattonedil.com\/wp-content\/uploads\/2022\/07\/ferrara-sarttoria.jpg\" \/>\n\t<meta property=\"og:image:width\" content=\"1500\" \/>\n\t<meta property=\"og:image:height\" content=\"1500\" \/>\n\t<meta property=\"og:image:type\" content=\"image\/jpeg\" \/>\n<meta name=\"twitter:card\" content=\"summary_large_image\" \/>\n<meta name=\"twitter:label1\" content=\"Gesch\u00e4tzte Lesezeit\" \/>\n\t<meta name=\"twitter:data1\" content=\"2\u00a0Minuten\" \/>\n<script type=\"application\/ld+json\" class=\"yoast-schema-graph\">{\"@context\":\"https:\/\/schema.org\",\"@graph\":[{\"@type\":\"WebPage\",\"@id\":\"https:\/\/lattonedil.com\/de\/project\/fiera-di-ferrara\/\",\"url\":\"https:\/\/lattonedil.com\/de\/project\/fiera-di-ferrara\/\",\"name\":\"Fiera di Ferrara - Lattonedil\",\"isPartOf\":{\"@id\":\"https:\/\/lattonedil.com\/#website\"},\"primaryImageOfPage\":{\"@id\":\"https:\/\/lattonedil.com\/de\/project\/fiera-di-ferrara\/#primaryimage\"},\"image\":{\"@id\":\"https:\/\/lattonedil.com\/de\/project\/fiera-di-ferrara\/#primaryimage\"},\"thumbnailUrl\":\"https:\/\/lattonedil.com\/wp-content\/uploads\/2022\/07\/ferrara-sarttoria.jpg\",\"datePublished\":\"2022-07-26T14:39:55+00:00\",\"dateModified\":\"2024-11-15T12:54:21+00:00\",\"breadcrumb\":{\"@id\":\"https:\/\/lattonedil.com\/de\/project\/fiera-di-ferrara\/#breadcrumb\"},\"inLanguage\":\"de\",\"potentialAction\":[{\"@type\":\"ReadAction\",\"target\":[\"https:\/\/lattonedil.com\/de\/project\/fiera-di-ferrara\/\"]}]},{\"@type\":\"ImageObject\",\"inLanguage\":\"de\",\"@id\":\"https:\/\/lattonedil.com\/de\/project\/fiera-di-ferrara\/#primaryimage\",\"url\":\"https:\/\/lattonedil.com\/wp-content\/uploads\/2022\/07\/ferrara-sarttoria.jpg\",\"contentUrl\":\"https:\/\/lattonedil.com\/wp-content\/uploads\/2022\/07\/ferrara-sarttoria.jpg\",\"width\":1500,\"height\":1500},{\"@type\":\"BreadcrumbList\",\"@id\":\"https:\/\/lattonedil.com\/de\/project\/fiera-di-ferrara\/#breadcrumb\",\"itemListElement\":[{\"@type\":\"ListItem\",\"position\":1,\"name\":\"Home\",\"item\":\"https:\/\/lattonedil.com\/de\/\"},{\"@type\":\"ListItem\",\"position\":2,\"name\":\"Portafoglio\",\"item\":\"https:\/\/lattonedil.com\/project\/\"},{\"@type\":\"ListItem\",\"position\":3,\"name\":\"Fiera di Ferrara\"}]},{\"@type\":\"WebSite\",\"@id\":\"https:\/\/lattonedil.com\/#website\",\"url\":\"https:\/\/lattonedil.com\/\",\"name\":\"Lattonedil\",\"description\":\"\",\"publisher\":{\"@id\":\"https:\/\/lattonedil.com\/#organization\"},\"potentialAction\":[{\"@type\":\"SearchAction\",\"target\":{\"@type\":\"EntryPoint\",\"urlTemplate\":\"https:\/\/lattonedil.com\/?s={search_term_string}\"},\"query-input\":{\"@type\":\"PropertyValueSpecification\",\"valueRequired\":true,\"valueName\":\"search_term_string\"}}],\"inLanguage\":\"de\"},{\"@type\":\"Organization\",\"@id\":\"https:\/\/lattonedil.com\/#organization\",\"name\":\"Lattonedil\",\"url\":\"https:\/\/lattonedil.com\/\",\"logo\":{\"@type\":\"ImageObject\",\"inLanguage\":\"de\",\"@id\":\"https:\/\/lattonedil.com\/#\/schema\/logo\/image\/\",\"url\":\"https:\/\/lattonedil.com\/wp-content\/uploads\/2021\/10\/50-anni-logo-2020-3.png\",\"contentUrl\":\"https:\/\/lattonedil.com\/wp-content\/uploads\/2021\/10\/50-anni-logo-2020-3.png\",\"width\":3192,\"height\":525,\"caption\":\"Lattonedil\"},\"image\":{\"@id\":\"https:\/\/lattonedil.com\/#\/schema\/logo\/image\/\"}}]}<\/script>\n<!-- \/ Yoast SEO plugin. -->","yoast_head_json":{"title":"Fiera di Ferrara - Lattonedil","robots":{"index":"index","follow":"follow","max-snippet":"max-snippet:-1","max-image-preview":"max-image-preview:large","max-video-preview":"max-video-preview:-1"},"canonical":"https:\/\/lattonedil.com\/de\/project\/fiera-di-ferrara\/","og_locale":"de_DE","og_type":"article","og_title":"Fiera di Ferrara - Lattonedil","og_description":"QUARTIERE FIERISTICO FERRARA Size26000 mq LocationFERRARA Italy Year2019 ClientENTE FIERA DI BOLOGNA About Die Ferrara-Messe ist das wichtigste Ausstellungszentrum der Stadt Ferrara. Es befindet sich in der Via della Fiera 11 und liegt am s\u00fcdlichen Stadtrand. Das Unternehmen Ferrara Fiere Congressi Srl ist seit 2002 Teil der autonomen Einrichtung der Bologna-Messe und bildet zusammen mit&hellip;","og_url":"https:\/\/lattonedil.com\/de\/project\/fiera-di-ferrara\/","og_site_name":"Lattonedil","article_modified_time":"2024-11-15T12:54:21+00:00","og_image":[{"width":1500,"height":1500,"url":"https:\/\/lattonedil.com\/wp-content\/uploads\/2022\/07\/ferrara-sarttoria.jpg","type":"image\/jpeg"}],"twitter_card":"summary_large_image","twitter_misc":{"Gesch\u00e4tzte Lesezeit":"2\u00a0Minuten"},"schema":{"@context":"https:\/\/schema.org","@graph":[{"@type":"WebPage","@id":"https:\/\/lattonedil.com\/de\/project\/fiera-di-ferrara\/","url":"https:\/\/lattonedil.com\/de\/project\/fiera-di-ferrara\/","name":"Fiera di Ferrara - Lattonedil","isPartOf":{"@id":"https:\/\/lattonedil.com\/#website"},"primaryImageOfPage":{"@id":"https:\/\/lattonedil.com\/de\/project\/fiera-di-ferrara\/#primaryimage"},"image":{"@id":"https:\/\/lattonedil.com\/de\/project\/fiera-di-ferrara\/#primaryimage"},"thumbnailUrl":"https:\/\/lattonedil.com\/wp-content\/uploads\/2022\/07\/ferrara-sarttoria.jpg","datePublished":"2022-07-26T14:39:55+00:00","dateModified":"2024-11-15T12:54:21+00:00","breadcrumb":{"@id":"https:\/\/lattonedil.com\/de\/project\/fiera-di-ferrara\/#breadcrumb"},"inLanguage":"de","potentialAction":[{"@type":"ReadAction","target":["https:\/\/lattonedil.com\/de\/project\/fiera-di-ferrara\/"]}]},{"@type":"ImageObject","inLanguage":"de","@id":"https:\/\/lattonedil.com\/de\/project\/fiera-di-ferrara\/#primaryimage","url":"https:\/\/lattonedil.com\/wp-content\/uploads\/2022\/07\/ferrara-sarttoria.jpg","contentUrl":"https:\/\/lattonedil.com\/wp-content\/uploads\/2022\/07\/ferrara-sarttoria.jpg","width":1500,"height":1500},{"@type":"BreadcrumbList","@id":"https:\/\/lattonedil.com\/de\/project\/fiera-di-ferrara\/#breadcrumb","itemListElement":[{"@type":"ListItem","position":1,"name":"Home","item":"https:\/\/lattonedil.com\/de\/"},{"@type":"ListItem","position":2,"name":"Portafoglio","item":"https:\/\/lattonedil.com\/project\/"},{"@type":"ListItem","position":3,"name":"Fiera di Ferrara"}]},{"@type":"WebSite","@id":"https:\/\/lattonedil.com\/#website","url":"https:\/\/lattonedil.com\/","name":"Lattonedil","description":"","publisher":{"@id":"https:\/\/lattonedil.com\/#organization"},"potentialAction":[{"@type":"SearchAction","target":{"@type":"EntryPoint","urlTemplate":"https:\/\/lattonedil.com\/?s={search_term_string}"},"query-input":{"@type":"PropertyValueSpecification","valueRequired":true,"valueName":"search_term_string"}}],"inLanguage":"de"},{"@type":"Organization","@id":"https:\/\/lattonedil.com\/#organization","name":"Lattonedil","url":"https:\/\/lattonedil.com\/","logo":{"@type":"ImageObject","inLanguage":"de","@id":"https:\/\/lattonedil.com\/#\/schema\/logo\/image\/","url":"https:\/\/lattonedil.com\/wp-content\/uploads\/2021\/10\/50-anni-logo-2020-3.png","contentUrl":"https:\/\/lattonedil.com\/wp-content\/uploads\/2021\/10\/50-anni-logo-2020-3.png","width":3192,"height":525,"caption":"Lattonedil"},"image":{"@id":"https:\/\/lattonedil.com\/#\/schema\/logo\/image\/"}}]}},"_links":{"self":[{"href":"https:\/\/lattonedil.com\/de\/wp-json\/wp\/v2\/dt_portfolio\/78136","targetHints":{"allow":["GET"]}}],"collection":[{"href":"https:\/\/lattonedil.com\/de\/wp-json\/wp\/v2\/dt_portfolio"}],"about":[{"href":"https:\/\/lattonedil.com\/de\/wp-json\/wp\/v2\/types\/dt_portfolio"}],"author":[{"embeddable":true,"href":"https:\/\/lattonedil.com\/de\/wp-json\/wp\/v2\/users\/1"}],"replies":[{"embeddable":true,"href":"https:\/\/lattonedil.com\/de\/wp-json\/wp\/v2\/comments?post=78136"}],"version-history":[{"count":3,"href":"https:\/\/lattonedil.com\/de\/wp-json\/wp\/v2\/dt_portfolio\/78136\/revisions"}],"predecessor-version":[{"id":78844,"href":"https:\/\/lattonedil.com\/de\/wp-json\/wp\/v2\/dt_portfolio\/78136\/revisions\/78844"}],"wp:featuredmedia":[{"embeddable":true,"href":"https:\/\/lattonedil.com\/de\/wp-json\/wp\/v2\/media\/64416"}],"wp:attachment":[{"href":"https:\/\/lattonedil.com\/de\/wp-json\/wp\/v2\/media?parent=78136"}],"wp:term":[{"taxonomy":"dt_portfolio_category","embeddable":true,"href":"https:\/\/lattonedil.com\/de\/wp-json\/wp\/v2\/dt_portfolio_category?post=78136"},{"taxonomy":"dt_portfolio_tags","embeddable":true,"href":"https:\/\/lattonedil.com\/de\/wp-json\/wp\/v2\/dt_portfolio_tags?post=78136"}],"curies":[{"name":"wp","href":"https:\/\/api.w.org\/{rel}","templated":true}]}}